{"id":62,"date":"2018-03-03T21:32:22","date_gmt":"2018-03-03T20:32:22","guid":{"rendered":"http:\/\/xn--chevrier-psychologue-musicothrapeute-3gd.fr\/?page_id=62"},"modified":"2022-02-11T19:50:06","modified_gmt":"2022-02-11T18:50:06","slug":"articles","status":"publish","type":"page","link":"https:\/\/xn--chevrier-psychologue-musicothrapeute-3gd.fr\/?page_id=62","title":{"rendered":"Articles"},"content":{"rendered":"<p><img loading=\"lazy\" class=\"aligncenter size-full wp-image-143\" src=\"http:\/\/xn--chevrier-psychologue-musicothrapeute-3gd.fr\/wp-content\/uploads\/2022\/02\/249146297_2731099787183601_2511988382213649263_n.jpg\" alt=\"\" width=\"1240\" height=\"1754\" srcset=\"https:\/\/xn--chevrier-psychologue-musicothrapeute-3gd.fr\/wp-content\/uploads\/2022\/02\/249146297_2731099787183601_2511988382213649263_n.jpg 1240w, https:\/\/xn--chevrier-psychologue-musicothrapeute-3gd.fr\/wp-content\/uploads\/2022\/02\/249146297_2731099787183601_2511988382213649263_n-212x300.jpg 212w, https:\/\/xn--chevrier-psychologue-musicothrapeute-3gd.fr\/wp-content\/uploads\/2022\/02\/249146297_2731099787183601_2511988382213649263_n-768x1086.jpg 768w, https:\/\/xn--chevrier-psychologue-musicothrapeute-3gd.fr\/wp-content\/uploads\/2022\/02\/249146297_2731099787183601_2511988382213649263_n-724x1024.jpg 724w\" sizes=\"(max-width: 706px) 89vw, (max-width: 767px) 82vw, 740px\" \/><\/p>\n<p><span style=\"font-family: Open Sans, sans-serif;\"><span style=\"font-size: medium;\">Ateliers de musicoth\u00e9rapie, Novembre 2021<\/span><\/span><\/span><\/p>\n<p><img loading=\"lazy\" class=\"aligncenter size-full wp-image-142\" src=\"http:\/\/xn--chevrier-psychologue-musicothrapeute-3gd.fr\/wp-content\/uploads\/2022\/02\/244537636_4221100561336267_7838867205793441304_n.png\" alt=\"\" width=\"491\" height=\"692\" srcset=\"https:\/\/xn--chevrier-psychologue-musicothrapeute-3gd.fr\/wp-content\/uploads\/2022\/02\/244537636_4221100561336267_7838867205793441304_n.png 491w, https:\/\/xn--chevrier-psychologue-musicothrapeute-3gd.fr\/wp-content\/uploads\/2022\/02\/244537636_4221100561336267_7838867205793441304_n-213x300.png 213w\" sizes=\"(max-width: 491px) 100vw, 491px\" \/><\/p>\n<p><span style=\"font-family: Open Sans, sans-serif;\"><span style=\"font-size: medium;\">Ateliers de musicoth\u00e9rapie, Octobre 2021<\/span><\/span><\/span><\/p>\n<p><img loading=\"lazy\" class=\"aligncenter size-full wp-image-141\" src=\"http:\/\/xn--chevrier-psychologue-musicothrapeute-3gd.fr\/wp-content\/uploads\/2022\/02\/242701759_2708497526110494_7737255467862945961_n.jpg\" alt=\"\" width=\"1314\" height=\"1211\" srcset=\"https:\/\/xn--chevrier-psychologue-musicothrapeute-3gd.fr\/wp-content\/uploads\/2022\/02\/242701759_2708497526110494_7737255467862945961_n.jpg 1314w, https:\/\/xn--chevrier-psychologue-musicothrapeute-3gd.fr\/wp-content\/uploads\/2022\/02\/242701759_2708497526110494_7737255467862945961_n-300x276.jpg 300w, https:\/\/xn--chevrier-psychologue-musicothrapeute-3gd.fr\/wp-content\/uploads\/2022\/02\/242701759_2708497526110494_7737255467862945961_n-768x708.jpg 768w, https:\/\/xn--chevrier-psychologue-musicothrapeute-3gd.fr\/wp-content\/uploads\/2022\/02\/242701759_2708497526110494_7737255467862945961_n-1024x944.jpg 1024w\" sizes=\"(max-width: 706px) 89vw, (max-width: 767px) 82vw, 740px\" \/><\/p>\n<p><span style=\"font-family: Open Sans, sans-serif;\"><span style=\"font-size: medium;\">Article de presse, Septembre 2021<\/span><\/span><\/span><\/p>\n<p><img loading=\"lazy\" class=\"aligncenter size-full wp-image-140\" src=\"http:\/\/xn--chevrier-psychologue-musicothrapeute-3gd.fr\/wp-content\/uploads\/2022\/02\/242051686_2702961646664082_4630131083636878797_n.jpg\" alt=\"\" width=\"600\" height=\"848\" srcset=\"https:\/\/xn--chevrier-psychologue-musicothrapeute-3gd.fr\/wp-content\/uploads\/2022\/02\/242051686_2702961646664082_4630131083636878797_n.jpg 600w, https:\/\/xn--chevrier-psychologue-musicothrapeute-3gd.fr\/wp-content\/uploads\/2022\/02\/242051686_2702961646664082_4630131083636878797_n-212x300.jpg 212w\" sizes=\"(max-width: 600px) 100vw, 600px\" \/><\/p>\n<p><span style=\"font-family: Open Sans, sans-serif;\"><span style=\"font-size: medium;\">Animation d&#8217;un d\u00e9bat public, Septembre 2021<\/span><\/span><\/span><\/p>\n<p><img loading=\"lazy\" class=\"aligncenter size-full wp-image-124\" src=\"http:\/\/xn--chevrier-psychologue-musicothrapeute-3gd.fr\/wp-content\/uploads\/2021\/01\/2020-4.jpg\" alt=\"\" width=\"800\" height=\"800\" srcset=\"https:\/\/xn--chevrier-psychologue-musicothrapeute-3gd.fr\/wp-content\/uploads\/2021\/01\/2020-4.jpg 800w, https:\/\/xn--chevrier-psychologue-musicothrapeute-3gd.fr\/wp-content\/uploads\/2021\/01\/2020-4-150x150.jpg 150w, https:\/\/xn--chevrier-psychologue-musicothrapeute-3gd.fr\/wp-content\/uploads\/2021\/01\/2020-4-300x300.jpg 300w, https:\/\/xn--chevrier-psychologue-musicothrapeute-3gd.fr\/wp-content\/uploads\/2021\/01\/2020-4-768x768.jpg 768w, https:\/\/xn--chevrier-psychologue-musicothrapeute-3gd.fr\/wp-content\/uploads\/2021\/01\/2020-4-100x100.jpg 100w\" sizes=\"(max-width: 706px) 89vw, (max-width: 767px) 82vw, 740px\" \/><\/p>\n<p class=\"Standard\"><span lang=\"DE\" style=\"font-family: 'Open Sans',sans-serif;\">Formateur pour un projet d&#8217;insertion, Novembre 2020.<\/span><\/p>\n<p><img loading=\"lazy\" class=\"aligncenter size-full wp-image-123\" src=\"http:\/\/xn--chevrier-psychologue-musicothrapeute-3gd.fr\/wp-content\/uploads\/2021\/01\/2020-3.png\" alt=\"\" width=\"595\" height=\"842\" srcset=\"https:\/\/xn--chevrier-psychologue-musicothrapeute-3gd.fr\/wp-content\/uploads\/2021\/01\/2020-3.png 595w, https:\/\/xn--chevrier-psychologue-musicothrapeute-3gd.fr\/wp-content\/uploads\/2021\/01\/2020-3-212x300.png 212w\" sizes=\"(max-width: 595px) 100vw, 595px\" \/><\/p>\n<p class=\"Standard\"><span lang=\"DE\" style=\"font-family: 'Open Sans',sans-serif;\">Formateur pour une formation des aidants \u00e0 Chemill\u00e9, 2020.<\/span><\/p>\n<p><img loading=\"lazy\" class=\"aligncenter size-full wp-image-122\" src=\"http:\/\/xn--chevrier-psychologue-musicothrapeute-3gd.fr\/wp-content\/uploads\/2021\/01\/2020-2.jpg\" alt=\"\" width=\"1389\" height=\"1965\" srcset=\"https:\/\/xn--chevrier-psychologue-musicothrapeute-3gd.fr\/wp-content\/uploads\/2021\/01\/2020-2.jpg 1389w, https:\/\/xn--chevrier-psychologue-musicothrapeute-3gd.fr\/wp-content\/uploads\/2021\/01\/2020-2-212x300.jpg 212w, https:\/\/xn--chevrier-psychologue-musicothrapeute-3gd.fr\/wp-content\/uploads\/2021\/01\/2020-2-768x1086.jpg 768w, https:\/\/xn--chevrier-psychologue-musicothrapeute-3gd.fr\/wp-content\/uploads\/2021\/01\/2020-2-724x1024.jpg 724w\" sizes=\"(max-width: 706px) 89vw, (max-width: 767px) 82vw, 740px\" \/><\/p>\n<p class=\"Standard\"><span lang=\"DE\" style=\"font-family: 'Open Sans',sans-serif;\">Groupe de parole \u00e0 Beaupr\u00e9au au sujet du confinement, 2020.<\/span><\/p>\n<p><img loading=\"lazy\" class=\"aligncenter size-full wp-image-121\" src=\"http:\/\/xn--chevrier-psychologue-musicothrapeute-3gd.fr\/wp-content\/uploads\/2021\/01\/2020-1.jpg\" alt=\"\" width=\"794\" height=\"1123\" srcset=\"https:\/\/xn--chevrier-psychologue-musicothrapeute-3gd.fr\/wp-content\/uploads\/2021\/01\/2020-1.jpg 794w, https:\/\/xn--chevrier-psychologue-musicothrapeute-3gd.fr\/wp-content\/uploads\/2021\/01\/2020-1-212x300.jpg 212w, https:\/\/xn--chevrier-psychologue-musicothrapeute-3gd.fr\/wp-content\/uploads\/2021\/01\/2020-1-768x1086.jpg 768w, https:\/\/xn--chevrier-psychologue-musicothrapeute-3gd.fr\/wp-content\/uploads\/2021\/01\/2020-1-724x1024.jpg 724w\" sizes=\"(max-width: 706px) 89vw, (max-width: 767px) 82vw, 740px\" \/><\/p>\n<p class=\"Standard\"><span lang=\"DE\" style=\"font-family: 'Open Sans',sans-serif;\">Formateur pour une formation des aidants \u00e0 Valanjou, 2020.<\/span><\/p>\n<p><img loading=\"lazy\" class=\"aligncenter size-full wp-image-128\" src=\"http:\/\/xn--chevrier-psychologue-musicothrapeute-3gd.fr\/wp-content\/uploads\/2021\/01\/Octobre-2019.jpg\" alt=\"\" width=\"1957\" height=\"1443\" srcset=\"https:\/\/xn--chevrier-psychologue-musicothrapeute-3gd.fr\/wp-content\/uploads\/2021\/01\/Octobre-2019.jpg 1957w, https:\/\/xn--chevrier-psychologue-musicothrapeute-3gd.fr\/wp-content\/uploads\/2021\/01\/Octobre-2019-300x221.jpg 300w, https:\/\/xn--chevrier-psychologue-musicothrapeute-3gd.fr\/wp-content\/uploads\/2021\/01\/Octobre-2019-768x566.jpg 768w, https:\/\/xn--chevrier-psychologue-musicothrapeute-3gd.fr\/wp-content\/uploads\/2021\/01\/Octobre-2019-1024x755.jpg 1024w\" sizes=\"(max-width: 706px) 89vw, (max-width: 767px) 82vw, 740px\" \/><\/p>\n<p class=\"Standard\"><span lang=\"DE\" style=\"font-family: 'Open Sans',sans-serif;\">Courrier de l&#8217;Ouest, Octobre 2019.<\/span><\/p>\n<p><img loading=\"lazy\" class=\"aligncenter size-full wp-image-126\" src=\"http:\/\/xn--chevrier-psychologue-musicothrapeute-3gd.fr\/wp-content\/uploads\/2021\/01\/Mai-2019.jpg\" alt=\"\" width=\"960\" height=\"720\" srcset=\"https:\/\/xn--chevrier-psychologue-musicothrapeute-3gd.fr\/wp-content\/uploads\/2021\/01\/Mai-2019.jpg 960w, https:\/\/xn--chevrier-psychologue-musicothrapeute-3gd.fr\/wp-content\/uploads\/2021\/01\/Mai-2019-300x225.jpg 300w, https:\/\/xn--chevrier-psychologue-musicothrapeute-3gd.fr\/wp-content\/uploads\/2021\/01\/Mai-2019-768x576.jpg 768w\" sizes=\"(max-width: 706px) 89vw, (max-width: 767px) 82vw, 740px\" \/><\/p>\n<p class=\"Standard\"><span lang=\"DE\" style=\"font-family: 'Open Sans',sans-serif;\">Stand \u00e0 Soli&#8217;Mauges, Mai 2019.<\/span><\/p>\n<p><img loading=\"lazy\" class=\"aligncenter size-full wp-image-125\" src=\"http:\/\/xn--chevrier-psychologue-musicothrapeute-3gd.fr\/wp-content\/uploads\/2021\/01\/Avril-2019.jpg\" alt=\"\" width=\"1228\" height=\"1742\" srcset=\"https:\/\/xn--chevrier-psychologue-musicothrapeute-3gd.fr\/wp-content\/uploads\/2021\/01\/Avril-2019.jpg 1228w, https:\/\/xn--chevrier-psychologue-musicothrapeute-3gd.fr\/wp-content\/uploads\/2021\/01\/Avril-2019-211x300.jpg 211w, https:\/\/xn--chevrier-psychologue-musicothrapeute-3gd.fr\/wp-content\/uploads\/2021\/01\/Avril-2019-768x1089.jpg 768w, https:\/\/xn--chevrier-psychologue-musicothrapeute-3gd.fr\/wp-content\/uploads\/2021\/01\/Avril-2019-722x1024.jpg 722w\" sizes=\"(max-width: 706px) 89vw, (max-width: 767px) 82vw, 740px\" \/><\/p>\n<p class=\"Standard\"><span lang=\"DE\" style=\"font-family: 'Open Sans',sans-serif;\">Conf\u00e9rencier pour France Parkinson \u00e0 Angers, Avril 2019.<\/span><\/p>\n<p><img loading=\"lazy\" class=\"aligncenter size-full wp-image-127\" src=\"http:\/\/xn--chevrier-psychologue-musicothrapeute-3gd.fr\/wp-content\/uploads\/2021\/01\/Mars-2019.jpg\" alt=\"\" width=\"1983\" height=\"1639\" srcset=\"https:\/\/xn--chevrier-psychologue-musicothrapeute-3gd.fr\/wp-content\/uploads\/2021\/01\/Mars-2019.jpg 1983w, https:\/\/xn--chevrier-psychologue-musicothrapeute-3gd.fr\/wp-content\/uploads\/2021\/01\/Mars-2019-300x248.jpg 300w, https:\/\/xn--chevrier-psychologue-musicothrapeute-3gd.fr\/wp-content\/uploads\/2021\/01\/Mars-2019-768x635.jpg 768w, https:\/\/xn--chevrier-psychologue-musicothrapeute-3gd.fr\/wp-content\/uploads\/2021\/01\/Mars-2019-1024x846.jpg 1024w\" sizes=\"(max-width: 706px) 89vw, (max-width: 767px) 82vw, 740px\" \/><\/p>\n<p class=\"Standard\"><span lang=\"DE\" style=\"font-family: 'Open Sans',sans-serif;\">Courrier de l&#8217;Ouest, Mars 2019.<\/span><\/p>\n<p><img loading=\"lazy\" class=\"aligncenter size-full wp-image-120\" src=\"http:\/\/xn--chevrier-psychologue-musicothrapeute-3gd.fr\/wp-content\/uploads\/2021\/01\/Janvier-2019.jpg\" alt=\"\" width=\"1233\" height=\"1813\" srcset=\"https:\/\/xn--chevrier-psychologue-musicothrapeute-3gd.fr\/wp-content\/uploads\/2021\/01\/Janvier-2019.jpg 1233w, https:\/\/xn--chevrier-psychologue-musicothrapeute-3gd.fr\/wp-content\/uploads\/2021\/01\/Janvier-2019-204x300.jpg 204w, https:\/\/xn--chevrier-psychologue-musicothrapeute-3gd.fr\/wp-content\/uploads\/2021\/01\/Janvier-2019-768x1129.jpg 768w, https:\/\/xn--chevrier-psychologue-musicothrapeute-3gd.fr\/wp-content\/uploads\/2021\/01\/Janvier-2019-696x1024.jpg 696w\" sizes=\"(max-width: 706px) 89vw, (max-width: 767px) 82vw, 740px\" \/><\/p>\n<p class=\"Standard\"><span lang=\"DE\" style=\"font-family: 'Open Sans',sans-serif;\">Halte Relais \u00e0 Jallais, Janvier 2019.<\/span><\/p>\n<p>&nbsp;<\/p>\n<p><img loading=\"lazy\" class=\"aligncenter wp-image-68 size-full\" src=\"http:\/\/xn--chevrier-psychologue-musicothrapeute-3gd.fr\/wp-content\/uploads\/2018\/03\/Article1.jpg\" alt=\"\" width=\"2095\" height=\"1766\" srcset=\"https:\/\/xn--chevrier-psychologue-musicothrapeute-3gd.fr\/wp-content\/uploads\/2018\/03\/Article1.jpg 2095w, https:\/\/xn--chevrier-psychologue-musicothrapeute-3gd.fr\/wp-content\/uploads\/2018\/03\/Article1-300x253.jpg 300w, https:\/\/xn--chevrier-psychologue-musicothrapeute-3gd.fr\/wp-content\/uploads\/2018\/03\/Article1-768x647.jpg 768w, https:\/\/xn--chevrier-psychologue-musicothrapeute-3gd.fr\/wp-content\/uploads\/2018\/03\/Article1-1024x863.jpg 1024w\" sizes=\"(max-width: 706px) 89vw, (max-width: 767px) 82vw, 740px\" \/><\/p>\n<p class=\"Standard\"><span lang=\"DE\" style=\"font-family: 'Open Sans',sans-serif;\">Courrier de l&#8217;Ouest, 04 d\u00e9cembre 2017.<\/span><\/p>\n<p>&nbsp;<\/p>\n<p><img loading=\"lazy\" class=\"aligncenter wp-image-69 size-full\" src=\"http:\/\/xn--chevrier-psychologue-musicothrapeute-3gd.fr\/wp-content\/uploads\/2018\/03\/Articles2.jpg\" alt=\"\" width=\"1806\" height=\"2291\" srcset=\"https:\/\/xn--chevrier-psychologue-musicothrapeute-3gd.fr\/wp-content\/uploads\/2018\/03\/Articles2.jpg 1806w, https:\/\/xn--chevrier-psychologue-musicothrapeute-3gd.fr\/wp-content\/uploads\/2018\/03\/Articles2-236x300.jpg 236w, https:\/\/xn--chevrier-psychologue-musicothrapeute-3gd.fr\/wp-content\/uploads\/2018\/03\/Articles2-768x974.jpg 768w, https:\/\/xn--chevrier-psychologue-musicothrapeute-3gd.fr\/wp-content\/uploads\/2018\/03\/Articles2-807x1024.jpg 807w\" sizes=\"(max-width: 706px) 89vw, (max-width: 767px) 82vw, 740px\" \/><\/p>\n<p class=\"Standard\"><span lang=\"DE\" style=\"font-family: 'Open Sans',sans-serif;\">Courrier de l&#8217;Ouest, 25 novembre 2017.<\/span><\/p>\n<p>&nbsp;<\/p>\n<p><img loading=\"lazy\" class=\"alignnone wp-image-70 size-full\" src=\"http:\/\/xn--chevrier-psychologue-musicothrapeute-3gd.fr\/wp-content\/uploads\/2018\/03\/Articles3.jpg\" alt=\"\" width=\"1739\" height=\"1830\" srcset=\"https:\/\/xn--chevrier-psychologue-musicothrapeute-3gd.fr\/wp-content\/uploads\/2018\/03\/Articles3.jpg 1739w, https:\/\/xn--chevrier-psychologue-musicothrapeute-3gd.fr\/wp-content\/uploads\/2018\/03\/Articles3-285x300.jpg 285w, https:\/\/xn--chevrier-psychologue-musicothrapeute-3gd.fr\/wp-content\/uploads\/2018\/03\/Articles3-768x808.jpg 768w, https:\/\/xn--chevrier-psychologue-musicothrapeute-3gd.fr\/wp-content\/uploads\/2018\/03\/Articles3-973x1024.jpg 973w\" sizes=\"(max-width: 706px) 89vw, (max-width: 767px) 82vw, 740px\" \/><\/p>\n<p class=\"Standard\"><span lang=\"DE\" style=\"font-family: 'Open Sans',sans-serif;\">L&#8217;\u00e9cho de Montrevault-sur-Evre, octobre 2017.<\/span><\/p>\n<p>&nbsp;<\/p>\n<p>&nbsp;<\/p>\n","protected":false},"excerpt":{"rendered":"<p>Ateliers de musicoth\u00e9rapie, Novembre 2021 Ateliers de musicoth\u00e9rapie, Octobre 2021 Article de presse, Septembre 2021 Animation d&#8217;un d\u00e9bat public, Septembre 2021 Formateur pour un projet d&#8217;insertion, Novembre 2020. Formateur pour une formation des aidants \u00e0 Chemill\u00e9, 2020. Groupe de parole \u00e0 Beaupr\u00e9au au sujet du confinement, 2020. Formateur pour une formation des aidants \u00e0 Valanjou, &hellip; <\/p>\n<p class=\"link-more\"><a href=\"https:\/\/xn--chevrier-psychologue-musicothrapeute-3gd.fr\/?page_id=62\" class=\"more-link\">Continue reading<span class=\"screen-reader-text\"> &#8220;Articles&#8221;<\/span><\/a><\/p>\n","protected":false},"author":1,"featured_media":0,"parent":0,"menu_order":0,"comment_status":"closed","ping_status":"closed","template":"","meta":[],"_links":{"self":[{"href":"https:\/\/xn--chevrier-psychologue-musicothrapeute-3gd.fr\/index.php?rest_route=\/wp\/v2\/pages\/62"}],"collection":[{"href":"https:\/\/xn--chevrier-psychologue-musicothrapeute-3gd.fr\/index.php?rest_route=\/wp\/v2\/pages"}],"about":[{"href":"https:\/\/xn--chevrier-psychologue-musicothrapeute-3gd.fr\/index.php?rest_route=\/wp\/v2\/types\/page"}],"author":[{"embeddable":true,"href":"https:\/\/xn--chevrier-psychologue-musicothrapeute-3gd.fr\/index.php?rest_route=\/wp\/v2\/users\/1"}],"replies":[{"embeddable":true,"href":"https:\/\/xn--chevrier-psychologue-musicothrapeute-3gd.fr\/index.php?rest_route=%2Fwp%2Fv2%2Fcomments&post=62"}],"version-history":[{"count":8,"href":"https:\/\/xn--chevrier-psychologue-musicothrapeute-3gd.fr\/index.php?rest_route=\/wp\/v2\/pages\/62\/revisions"}],"predecessor-version":[{"id":145,"href":"https:\/\/xn--chevrier-psychologue-musicothrapeute-3gd.fr\/index.php?rest_route=\/wp\/v2\/pages\/62\/revisions\/145"}],"wp:attachment":[{"href":"https:\/\/xn--chevrier-psychologue-musicothrapeute-3gd.fr\/index.php?rest_route=%2Fwp%2Fv2%2Fmedia&parent=62"}],"curies":[{"name":"wp","href":"https:\/\/api.w.org\/{rel}","templated":true}]}}